{"id":84,"date":"2019-02-16T14:20:41","date_gmt":"2019-02-16T14:20:41","guid":{"rendered":"http:\/\/www.kondicnipriprava.cz\/?page_id=84"},"modified":"2020-12-01T10:37:02","modified_gmt":"2020-12-01T10:37:02","slug":"kondicni-priprava","status":"publish","type":"page","link":"https:\/\/www.kondicnipriprava.cz\/en\/sluzby\/kondicni-priprava\/","title":{"rendered":"Kondi\u010dn\u00ed p\u0159\u00edprava"},"content":{"rendered":"<h2><img loading=\"lazy\" decoding=\"async\" class=\"alignleft\" src=\"https:\/\/www.summusvita.cz\/wp-content\/uploads\/2018\/11\/Fil.-225x300.jpg\" alt=\"\" width=\"225\" height=\"300\" \/><br \/>\n<span style=\"color: #000000;\">Filip TOM\u00c1\u0160 \u2013 kondi\u010dn\u00ed tren\u00e9r<\/span><\/h2>\n<p style=\"padding-left: 240px;\"><span style=\"color: #000000;\"><strong>Tren\u00e9rsk\u00e9 vzd\u011bl\u00e1n\u00ed:<br \/>\n<\/strong><\/span><br \/>\n<span style=\"color: #000000;\"><strong>&#8211; Tren\u00e9rsk\u00fd rekvalifika\u010dn\u00ed kurz<\/strong> \u2013 instruktor Fitness II.t\u0159\u00eddy (akreditace Ministerstva \u0161kolstv\u00ed,<\/span><br \/>\n<span style=\"color: #000000;\">ml\u00e1de\u017ee a t\u011blov\u00fdchovy \u010cR)<\/span> <span style=\"color: #ff0000;\"><a style=\"color: #ff0000;\" href=\"http:\/\/www.skola.ronnie.cz\/\" target=\"_blank\" rel=\"noopener noreferrer\">http:\/\/www.skola.ronnie.cz<\/a><\/span><br \/>\n<span style=\"color: #000000;\"><strong>&#8211; Absolvov\u00e1n\u00ed odborn\u00e9 st\u00e1\u017ee<\/strong> <strong>v \u00daST\u0158EDN\u00cd VOJENSK\u00c9 NEMOCNICI PRAHA na Odd\u011blen\u00ed<br \/>\nfunk\u010dn\u00ed <\/strong><strong>diagnostiky a t\u011blov\u00fdchovn\u00e9ho l\u00e9ka\u0159stv\u00ed.<\/strong> \u00da\u010dastnil jsem se indikac\u00ed\u00a0 a prov\u00e1d\u011bn\u00ed<\/span><br \/>\n<span style=\"color: #000000;\">z\u00e1t\u011b\u017eov\u00fdch vy\u0161et\u0159en\u00ed a aplikac\u00ed v\u00fdsledk\u016f pro zdrav\u00fd \u017eivotn\u00ed styl.<\/span><br \/>\n<span style=\"color: #000000;\"><strong>&#8211; Absolvov\u00e1n\u00ed odborn\u00e9 st\u00e1\u017ee<\/strong> <strong>v \u00daST\u0158EDN\u00cd VOJENSK\u00c9 NEMOCNICI PRAHA na Odd\u011blen\u00ed<br \/>\nrehabilita\u010dn\u00ed a fyzik\u00e1ln\u00ed medic\u00edny.<\/strong> V pr\u016fb\u011bhu praxe jsem se sezn\u00e1mil s terapi\u00ed po\u00farazov\u00fdch stav\u016f,<\/span><br \/>\n<span style=\"color: #000000;\">\u0159e\u0161en\u00edm vertebrogenn\u00edch onemocn\u011bn\u00ed, l\u00e9\u010dbou pacient\u016f po tot\u00e1ln\u00edch n\u00e1hrad\u00e1ch kloub\u016f.<\/span><br \/>\n<span style=\"color: #000000;\">M\u011bl jsem mo\u017enost\u00a0 procvi\u010dit si metodiky vyu\u017e\u00edvan\u00e9 v terapii t\u011bchto pacient\u016f nap\u0159. senzomotorika,<\/span><br \/>\n<span style=\"color: #000000;\">posilov\u00e1n\u00ed hlubok\u00e9ho stabiliza\u010dn\u00edho syst\u00e9mu, postizometrick\u00e1 relaxace a dal\u0161\u00ed&#8230;<\/span><br \/>\n<span style=\"color: #000000;\"><strong>&#8211; Absolvov\u00e1n\u00ed kurzu sportovn\u00ed a rekondi\u010dn\u00ed mas\u00e1\u017ee organizovan\u00e9 \u00daTV 1.LF<br \/>\n<\/strong><strong>(\u00daTVAREM T\u011aLESN\u00c9 V\u00ddCHOVY 1. L\u00c9KA\u0158SK\u00c9 FAKULTY) v cel\u00e9m rozsahu.<br \/>\n<\/strong><strong>\u00a0&#8211; Absolvov\u00e1n\u00ed odborn\u00e9ho semin\u00e1\u0159e<\/strong> ,,Z\u00e1kladn\u00ed v\u00fd\u017eivov\u00e9 postupy ve fitness,,<\/span><br \/>\n<span style=\"color: #000000;\"><strong>\u00a0&#8211; Absolvov\u00e1n\u00ed odborn\u00e9ho semin\u00e1\u0159e<\/strong> ,,Senzomotorick\u00e1 stimulace,,<\/span><br \/>\n<span style=\"color: #000000;\"><strong>\u00a0&#8211; Instruktor \u2013<\/strong> program 4health , T-BOW a SLIMBOX<\/span><\/p>\n<p>&nbsp;<\/p>\n<p><img loading=\"lazy\" decoding=\"async\" class=\"size-medium wp-image-12333 alignleft\" src=\"https:\/\/www.kondicnipriprava.cz\/wp-content\/uploads\/2020\/06\/FT_logo_text1-300x75.png\" alt=\"\" width=\"300\" height=\"75\" \/><\/p>\n<p>&nbsp;<\/p>\n<hr \/>\n<h2><\/h2>\n<blockquote>\n<h2><strong><span style=\"font-size: 16px;\">Praxe &#8211; spolupr\u00e1ce:<\/span><\/strong><\/h2>\n<\/blockquote>\n<p><em><span style=\"color: #000000;\">&#8222;Nyn\u00ed tr\u00e9nuji juniorskou mistryni sv\u011bta (od roku 2017)\u2026 atletku\/chodkyni <\/span><span style=\"color: #ff0000;\"><a style=\"color: #ff0000;\" href=\"https:\/\/www.kondicnipriprava.cz\/en\/ohlednuti-za-rokem-2018-a-vyhled-na-rok-2019\/\"><strong>Ane\u017eku Drahotovou<\/strong><\/a><\/span><span style=\"color: #000000;\">,<\/span> <span style=\"color: #000000;\">reprezentantku a olympioni\u010dku \u010cR.&#8220;<\/span><\/em><\/p>\n<div id=\"article-title-cont\">\n<p><span style=\"color: #000000;\"><em><strong>Drahotov\u00e1 o sv\u00e9m odrazu ze dna: Na konec jsem si p\u0159i\u0161la je\u0161t\u011b mlad\u00e1<\/strong><\/em><\/span><br \/>\n<span style=\"color: #000000;\">11. dubna 2018 15:08 &#8211; Praha<\/span><br \/>\n<span style=\"color: #000000;\"><em><strong>Co v\u00e1m pomohlo se od pomysln\u00e9ho dna odrazit?<\/strong><\/em><\/span><br \/>\n<span style=\"color: #000000;\">Bylo to velk\u00e9 dno\u2026 Pomohla spolupr\u00e1ce s druh\u00fdm kou\u010dem Filipem Tom\u00e1\u0161em, pracujeme v posilovn\u011b. M\u011bla jsem i podporu rodiny, rodi\u010de si vzali volno, aby byli se mnou&#8230;<strong>zdroj: <\/strong><\/span><span style=\"color: #ff0000;\"><a style=\"color: #ff0000;\" href=\"https:\/\/www.sport.cz\/ostatni\/atletika\/clanek\/979336-drahotova-o-svem-odrazu-ze-dna-na-konec-jsem-si-prisla-jeste-mlada.html\">https:\/\/www.sport.cz\/ostatni\/atletika\/clanek\/979336-drahotova-o-svem-odrazu-ze-dna-na-konec-jsem-si-prisla-jeste-mlada.html<\/a><\/span><\/p>\n<\/div>\n<div id=\"article-title-cont\">\n<p><span style=\"color: #000000;\"><em><strong>Nejet na olympi\u00e1du? Rad\u0161i by si nohu ulomila. Te\u010f u\u017e Drahotov\u00e1 v\u00ed, \u017ee nen\u00ed Termin\u00e1tor<\/strong><\/em><\/span><br \/>\n<span style=\"color: #000000;\">12. srpna 2018 08:05 &#8211; Berl\u00edn<\/span><br \/>\n<span style=\"color: #000000;\"><em><strong>Zm\u011bnila stereotypy<\/strong><\/em><\/span><br \/>\n<em><span style=\"color: #000000;\">\u201eProbl\u00e9m byl p\u0159edt\u00edm i v tom, \u017ee jsem odmaturovala, za\u010dala studovat d\u00e1lkov\u011b a najednou bylo na v\u0161e v\u00edc \u010dasu a j\u00e1 se ze v\u0161eho c\u00edtila unaven\u00e1. Tak\u00e9 jsme se sna\u017eily zm\u011bnit stereotypy, pomohla spolupr\u00e1ce s m\u00fdm druh\u00fdm tren\u00e9rem Filipem Tom\u00e1\u0161em,\u201c vyjmenov\u00e1v\u00e1 Drahotov\u00e1&#8230;<strong>zdroj: <\/strong><\/span><span style=\"color: #ff0000;\"><a style=\"color: #ff0000;\" href=\"https:\/\/www.sport.cz\/ostatni\/atletika\/clanek\/1013136-nejet-na-olympiadu-radsi-by-si-nohu-ulomila-ted-uz-drahotova-vi-ze-neni-terminator.html\">https:\/\/www.sport.cz\/ostatni\/atletika\/clanek\/1013136-nejet-na-olympiadu-radsi-by-si-nohu-ulomila-ted-uz-drahotova-vi-ze-neni-terminator.html<\/a><\/span><\/em><\/p>\n<\/div>\n<div id=\"article-title-cont\">\n<div id=\"article-title-cont\">\n<hr \/>\n<\/div>\n<\/div>\n<p><span style=\"color: #000000;\"><em>&#8222;Jako kondi\u010dn\u00ed tren\u00e9r jsem dv\u011b sez\u00f3ny spolupracoval s b\u00fdvalou reprezenta\u010dn\u00ed ly\u017ea\u0159kou <strong>Evou Vrabcovou \u2013 N\u00fdvltovou<\/strong> (5. m\u00edsto na 30 km voln\u011b &#8211; ZOH So\u010di 2014).&#8220;<\/em><\/span><br \/>\n<span style=\"color: #000000;\">,,Jako juniorka z\u00edskala na Mistrovstv\u00ed sv\u011bta 2004 st\u0159\u00edbro ve \u0161tafet\u011b, o rok pozd\u011bji bronz znovu ve \u0161tafet\u011b a na Mistrovstv\u00ed sv\u011bta 2006 st\u0159\u00edbro v b\u011bhu na 5 km klasicky a bronz ve skiatlonu. V kategorii dosp\u011bl\u00fdch v\u0161ak dlouho na tyto \u00fasp\u011bchy nedok\u00e1zala nav\u00e1zat. Ka\u017ed\u00e9 um\u00edst\u011bn\u00ed ve t\u0159ic\u00edtce pova\u017eovala za \u00fasp\u011bch, ale moc jich nebylo. Zlomovou se pro ni stala a\u017e sez\u00f3na 2013\/14, p\u0159ed kterou ohl\u00e1sila, \u017ee se bu\u010f zlep\u0161\u00ed nebo po sez\u00f3n\u011b skon\u010d\u00ed. A da\u0159ilo se j\u00ed \u2013 nejprve dos\u00e1hla 8. m\u00edsta na Tour de Ski a pot\u00e9 zaz\u00e1\u0159ila i na olympi\u00e1d\u011b v So\u010di, kde byla jeden\u00e1ct\u00e1 ve skiatlonu a p\u00e1t\u00e1 na 30 km voln\u011b. V z\u00e1vodu Sv\u011btov\u00e9ho poh\u00e1ru na legend\u00e1rn\u00edm Holmenkollenu byla sedm\u00e1 na 30 km klasicky a ve Fin\u00e1le Sv\u011btov\u00e9ho poh\u00e1ru ve Falunu dojela des\u00e1t\u00e1. Celkov\u011b skon\u010dila v Sv\u011btov\u00e9m poh\u00e1ru \u010dtrn\u00e1ct\u00e1, \u010d\u00edm\u017e vylep\u0161ila sv\u00e9 um\u00edst\u011bn\u00ed oproti p\u0159edchoz\u00ed sez\u00f3n\u011b o 59 m\u00edst. Jej\u00edm dosavadn\u00edm maximem v kone\u010dn\u00e9m po\u0159ad\u00ed seri\u00e1lu byla 40. p\u0159\u00ed\u010dka z roku 2011. Jej\u00ed um\u00edst\u011bn\u00ed bylo nejlep\u0161\u00edm \u010desk\u00fdm v\u00fdsledkem po sedmi letech \u2212 v roce 2007 byla Kate\u0159ina Neumannov\u00e1 t\u0159et\u00ed. Sama p\u0159i\u010d\u00edtala zlep\u0161en\u00ed v\u00fdsledk\u016f mnoha zm\u011bn\u00e1m v p\u0159\u00edprav\u011b \u2013 nav\u00fd\u0161en\u00ed s\u00edly a spolupr\u00e1ci s kondi\u010dn\u00edm tren\u00e9rem Filipem Tom\u00e1\u0161em; tak\u00e9 si zm\u011bnila j\u00eddeln\u00ed\u010dek&#8230;,,zdroj:<\/span> <span style=\"color: #0000ff;\"><span style=\"color: #ff0000;\"><a style=\"color: #ff0000;\" href=\"https:\/\/cs.wikipedia.org\/wiki\/Eva_Vrabcov%C3%A1_N%C3%BDvltov%C3%A1\">Wikipedia<\/a><\/span><br \/>\n<\/span><br \/>\n<span style=\"color: #000000;\"><em>&#8222;Mimo jin\u00e9 p\u0159ipravuji i handicapovan\u00e9 sportovce &#8211; reprezentantku \u010cR a paralympioni\u010dku v lukost\u0159elb\u011b <strong>\u0160\u00e1rku Musilovou<\/strong>.&#8220;<\/em><\/span> <span style=\"color: #ff0000;\"><a style=\"color: #ff0000;\" href=\"http:\/\/www.kondicnipriprava.cz\/en\/ohlednuti-za-rokem-2018-a-vyhled-na-rok-2019\/\">V\u00edce informac\u00ed o sportovc\u00edch se kter\u00fdmi spolupracuji zde&#8230;<\/a><\/span><\/p>\n<hr \/>\n<p><span style=\"color: #000000;\"><strong>Sportovn\u00ed kari\u00e9ra &#8211; ledn\u00ed hokej:<br \/>\n<\/strong>Postup se znojemsk\u00fdmi dorostenci do extraligy<\/span><br \/>\n<span style=\"color: #000000;\">Juniorsk\u00fd titul vicemistra ve slovensk\u00e9 extralize v barv\u00e1ch HK 36 Skalica, kde m\u011b tr\u00e9noval Peter Oremus &#8211; pozd\u011bj\u0161\u00ed asistent reprezenta\u010dn\u00edch tren\u00e9r\u016f \u00e1\u010dka SR J\u00falia \u0160uplera a Vladim\u00edra V\u016fjtka st.<\/span><br \/>\n<span style=\"color: #000000;\">V juniorce ve Znojm\u011b jsem zase jednu sez\u00f3nu p\u016fsobil pod veden\u00edm b\u00fdval\u00e9ho vynikaj\u00edc\u00edho obr\u00e1nce, hr\u00e1\u010de NHL a reprezentanta Milo\u0161e Holan\u011b (B\u00fdval\u00fd tren\u00e9r Dynama Pardubice ,,2017 \/ 2018,,).<\/span><br \/>\n<span style=\"color: #000000;\">V dosp\u011bl\u00e9m hokeji jsem n\u011bkolik sez\u00f3n hr\u00e1l ve druh\u00e9 lize \u2013\u00a0 v Trutnov\u011b jsem svoji kari\u00e9ru ukon\u010dil.<\/span><br \/>\n<span style=\"color: #000000;\">Na kont\u011b m\u00e1m i odehran\u00e1 utk\u00e1n\u00ed za Vrchlab\u00ed, kter\u00e9 tehdy startovalo v 1. lize.<\/span><\/p>\n<p><span style=\"color: #000000;\"><em>,,Pr\u00e1v\u011b v Trutnov\u011b jsem po skon\u010den\u00ed profesion\u00e1ln\u00ed kari\u00e9ry z\u016fstal a postupn\u011b jsem zde vybudoval <strong>Institut sportovn\u00edho l\u00e9ka\u0159stv\u00ed SUMMUS vita s.r.o.<\/strong>,,<\/em><\/span><\/p>\n<p><span style=\"color: #000000;\">Mezi na\u0161e nejv\u00fdznamn\u011bj\u0161\u00ed klienty pat\u0159\u00ed nap\u0159. extraligov\u00fd hokejov\u00fd klub <strong>MOUNTFIELD HRADEC KR\u00c1LOV\u00c9, HC DYNAMO PARDUBICE<\/strong>, <strong>HC BAK TRUTNOV<\/strong>, <strong>BK LOKO TRUTNOV<\/strong>, <strong>OLFIN CAR SKI TEAM<\/strong><strong>b\u011b\u017eeck\u00e9 ly\u017eov\u00e1n\u00ed, LOKO TRUTNOV atletika, REPREZENTANTI: ANE\u017dKA DRAHOTOV\u00c1 apod.<\/strong>\u00a0\u2013 podrobn\u011bji zde:<\/span> <span style=\"color: #ff0000;\"><a style=\"color: #ff0000;\" href=\"https:\/\/www.summusvita.cz\/spolupracujeme\/\">http:\/\/www.summusvita.cz\/spoluprace-se-sportovnimi-kluby-a-firmami<\/a><\/span><\/p>\n<p><strong><span style=\"color: #000000;\">V\u00edce informac\u00ed o INSTITUTU zde:<\/span><\/strong> <span style=\"color: #ff0000;\"><a style=\"color: #ff0000;\" href=\"http:\/\/www.summusvita.cz\">http:\/\/www.summusvita.cz<\/a><\/span><\/p>\n<hr \/>\n<p><span style=\"color: #000000;\"><strong><em>MOTTO:\u00a0&#8222;Nikdo nerozd\u00e1v\u00e1 tak tvrd\u00fd r\u00e1ny, jako \u017eivot. Ale nejde o to, jak inkasuje\u0161, tady jde o to, kolik ran unese\u0161 a p\u0159esto se znovu zvedne\u0161, kolik ran dok\u00e1\u017ee\u0161 p\u0159ijmout a nezastav\u00ed T\u011b! Jenom tak se v\u00edt\u011bz\u00ed!&#8220; (Rocky Balboa)<\/em><\/strong><\/span><\/p>\n<p><span style=\"color: #000000;\"><strong>Objednat se m\u016f\u017eete po telefonu: +420 737 610 262 nebo p\u0159es e-mail:\u00a0 <\/strong><\/span><span style=\"color: #ff0000;\"><strong><a style=\"color: #ff0000;\" href=\"mailto:tomas@summusvita.cz\">ft@kondicnipriprava.cz<\/a><\/strong><\/span><\/p>","protected":false},"excerpt":{"rendered":"<p>Filip TOM\u00c1\u0160 \u2013 kondi\u010dn\u00ed tren\u00e9r Tren\u00e9rsk\u00e9 vzd\u011bl\u00e1n\u00ed: &#8211; Tren\u00e9rsk\u00fd rekvalifika\u010dn\u00ed kurz \u2013 instruktor Fitness II.t\u0159\u00eddy (akreditace Ministerstva \u0161kolstv\u00ed, ml\u00e1de\u017ee a&hellip;<\/p>\n<p> <a class=\"more-link\" href=\"https:\/\/www.kondicnipriprava.cz\/en\/sluzby\/kondicni-priprava\/\">Read more<\/a><\/p>","protected":false},"author":1,"featured_media":0,"parent":19,"menu_order":1,"comment_status":"closed","ping_status":"closed","template":"","meta":{"footnotes":""},"class_list":["post-84","page","type-page","status-publish"],"yoast_head":"<!-- This site is optimized with the Yoast SEO plugin v24.2 - https:\/\/yoast.com\/wordpress\/plugins\/seo\/ -->\n<title>Kondi\u010dn\u00ed p\u0159\u00edprava - kondicnipriprava.cz<\/title>\n<meta name=\"robots\" content=\"index, follow, max-snippet:-1, max-image-preview:large, max-video-preview:-1\" \/>\n<link rel=\"canonical\" href=\"https:\/\/www.kondicnipriprava.cz\/en\/sluzby\/kondicni-priprava\/\" \/>\n<meta property=\"og:locale\" content=\"en_US\" \/>\n<meta property=\"og:type\" content=\"article\" \/>\n<meta property=\"og:title\" content=\"Kondi\u010dn\u00ed p\u0159\u00edprava - kondicnipriprava.cz\" \/>\n<meta property=\"og:description\" content=\"Filip TOM\u00c1\u0160 \u2013 kondi\u010dn\u00ed tren\u00e9r Tren\u00e9rsk\u00e9 vzd\u011bl\u00e1n\u00ed: &#8211; Tren\u00e9rsk\u00fd rekvalifika\u010dn\u00ed kurz \u2013 instruktor Fitness II.t\u0159\u00eddy (akreditace Ministerstva \u0161kolstv\u00ed, ml\u00e1de\u017ee a&hellip;  Read more\" \/>\n<meta property=\"og:url\" content=\"https:\/\/www.kondicnipriprava.cz\/en\/sluzby\/kondicni-priprava\/\" \/>\n<meta property=\"og:site_name\" content=\"kondicnipriprava.cz\" \/>\n<meta property=\"article:modified_time\" content=\"2020-12-01T10:37:02+00:00\" \/>\n<meta property=\"og:image\" content=\"https:\/\/www.summusvita.cz\/wp-content\/uploads\/2018\/11\/Fil.-225x300.jpg\" \/>\n<meta name=\"twitter:card\" content=\"summary_large_image\" \/>\n<meta name=\"twitter:label1\" content=\"Est. reading time\" \/>\n\t<meta name=\"twitter:data1\" content=\"5 minutes\" \/>\n<script type=\"application\/ld+json\" class=\"yoast-schema-graph\">{\"@context\":\"https:\/\/schema.org\",\"@graph\":[{\"@type\":\"WebPage\",\"@id\":\"https:\/\/www.kondicnipriprava.cz\/sluzby\/kondicni-priprava\/\",\"url\":\"https:\/\/www.kondicnipriprava.cz\/sluzby\/kondicni-priprava\/\",\"name\":\"Kondi\u010dn\u00ed p\u0159\u00edprava - kondicnipriprava.cz\",\"isPartOf\":{\"@id\":\"https:\/\/www.kondicnipriprava.cz\/#website\"},\"primaryImageOfPage\":{\"@id\":\"https:\/\/www.kondicnipriprava.cz\/sluzby\/kondicni-priprava\/#primaryimage\"},\"image\":{\"@id\":\"https:\/\/www.kondicnipriprava.cz\/sluzby\/kondicni-priprava\/#primaryimage\"},\"thumbnailUrl\":\"https:\/\/www.summusvita.cz\/wp-content\/uploads\/2018\/11\/Fil.-225x300.jpg\",\"datePublished\":\"2019-02-16T14:20:41+00:00\",\"dateModified\":\"2020-12-01T10:37:02+00:00\",\"breadcrumb\":{\"@id\":\"https:\/\/www.kondicnipriprava.cz\/sluzby\/kondicni-priprava\/#breadcrumb\"},\"inLanguage\":\"en-US\",\"potentialAction\":[{\"@type\":\"ReadAction\",\"target\":[\"https:\/\/www.kondicnipriprava.cz\/sluzby\/kondicni-priprava\/\"]}]},{\"@type\":\"ImageObject\",\"inLanguage\":\"en-US\",\"@id\":\"https:\/\/www.kondicnipriprava.cz\/sluzby\/kondicni-priprava\/#primaryimage\",\"url\":\"https:\/\/www.summusvita.cz\/wp-content\/uploads\/2018\/11\/Fil.-225x300.jpg\",\"contentUrl\":\"https:\/\/www.summusvita.cz\/wp-content\/uploads\/2018\/11\/Fil.-225x300.jpg\"},{\"@type\":\"BreadcrumbList\",\"@id\":\"https:\/\/www.kondicnipriprava.cz\/sluzby\/kondicni-priprava\/#breadcrumb\",\"itemListElement\":[{\"@type\":\"ListItem\",\"position\":1,\"name\":\"Dom\u016f\",\"item\":\"https:\/\/www.kondicnipriprava.cz\/\"},{\"@type\":\"ListItem\",\"position\":2,\"name\":\"Slu\u017eby\",\"item\":\"https:\/\/www.kondicnipriprava.cz\/sluzby\/\"},{\"@type\":\"ListItem\",\"position\":3,\"name\":\"Kondi\u010dn\u00ed p\u0159\u00edprava\"}]},{\"@type\":\"WebSite\",\"@id\":\"https:\/\/www.kondicnipriprava.cz\/#website\",\"url\":\"https:\/\/www.kondicnipriprava.cz\/\",\"name\":\"kondicnipriprava.cz\",\"description\":\"Kondi\u010dn\u00ed p\u0159\u00edprava pro vrcholov\u00e9 sportovce\",\"publisher\":{\"@id\":\"https:\/\/www.kondicnipriprava.cz\/#organization\"},\"potentialAction\":[{\"@type\":\"SearchAction\",\"target\":{\"@type\":\"EntryPoint\",\"urlTemplate\":\"https:\/\/www.kondicnipriprava.cz\/?s={search_term_string}\"},\"query-input\":{\"@type\":\"PropertyValueSpecification\",\"valueRequired\":true,\"valueName\":\"search_term_string\"}}],\"inLanguage\":\"en-US\"},{\"@type\":\"Organization\",\"@id\":\"https:\/\/www.kondicnipriprava.cz\/#organization\",\"name\":\"kondicnipriprava.cz\",\"url\":\"https:\/\/www.kondicnipriprava.cz\/\",\"logo\":{\"@type\":\"ImageObject\",\"inLanguage\":\"en-US\",\"@id\":\"https:\/\/www.kondicnipriprava.cz\/#\/schema\/logo\/image\/\",\"url\":\"https:\/\/www.kondicnipriprava.cz\/wp-content\/uploads\/2020\/03\/cropped-ft-logo-web-elementor.jpg\",\"contentUrl\":\"https:\/\/www.kondicnipriprava.cz\/wp-content\/uploads\/2020\/03\/cropped-ft-logo-web-elementor.jpg\",\"width\":305,\"height\":100,\"caption\":\"kondicnipriprava.cz\"},\"image\":{\"@id\":\"https:\/\/www.kondicnipriprava.cz\/#\/schema\/logo\/image\/\"}}]}<\/script>\n<!-- \/ Yoast SEO plugin. -->","yoast_head_json":{"title":"Kondi\u010dn\u00ed p\u0159\u00edprava - kondicnipriprava.cz","robots":{"index":"index","follow":"follow","max-snippet":"max-snippet:-1","max-image-preview":"max-image-preview:large","max-video-preview":"max-video-preview:-1"},"canonical":"https:\/\/www.kondicnipriprava.cz\/en\/sluzby\/kondicni-priprava\/","og_locale":"en_US","og_type":"article","og_title":"Kondi\u010dn\u00ed p\u0159\u00edprava - kondicnipriprava.cz","og_description":"Filip TOM\u00c1\u0160 \u2013 kondi\u010dn\u00ed tren\u00e9r Tren\u00e9rsk\u00e9 vzd\u011bl\u00e1n\u00ed: &#8211; Tren\u00e9rsk\u00fd rekvalifika\u010dn\u00ed kurz \u2013 instruktor Fitness II.t\u0159\u00eddy (akreditace Ministerstva \u0161kolstv\u00ed, ml\u00e1de\u017ee a&hellip;  Read more","og_url":"https:\/\/www.kondicnipriprava.cz\/en\/sluzby\/kondicni-priprava\/","og_site_name":"kondicnipriprava.cz","article_modified_time":"2020-12-01T10:37:02+00:00","og_image":[{"url":"https:\/\/www.summusvita.cz\/wp-content\/uploads\/2018\/11\/Fil.-225x300.jpg","type":"","width":"","height":""}],"twitter_card":"summary_large_image","twitter_misc":{"Est. reading time":"5 minutes"},"schema":{"@context":"https:\/\/schema.org","@graph":[{"@type":"WebPage","@id":"https:\/\/www.kondicnipriprava.cz\/sluzby\/kondicni-priprava\/","url":"https:\/\/www.kondicnipriprava.cz\/sluzby\/kondicni-priprava\/","name":"Kondi\u010dn\u00ed p\u0159\u00edprava - kondicnipriprava.cz","isPartOf":{"@id":"https:\/\/www.kondicnipriprava.cz\/#website"},"primaryImageOfPage":{"@id":"https:\/\/www.kondicnipriprava.cz\/sluzby\/kondicni-priprava\/#primaryimage"},"image":{"@id":"https:\/\/www.kondicnipriprava.cz\/sluzby\/kondicni-priprava\/#primaryimage"},"thumbnailUrl":"https:\/\/www.summusvita.cz\/wp-content\/uploads\/2018\/11\/Fil.-225x300.jpg","datePublished":"2019-02-16T14:20:41+00:00","dateModified":"2020-12-01T10:37:02+00:00","breadcrumb":{"@id":"https:\/\/www.kondicnipriprava.cz\/sluzby\/kondicni-priprava\/#breadcrumb"},"inLanguage":"en-US","potentialAction":[{"@type":"ReadAction","target":["https:\/\/www.kondicnipriprava.cz\/sluzby\/kondicni-priprava\/"]}]},{"@type":"ImageObject","inLanguage":"en-US","@id":"https:\/\/www.kondicnipriprava.cz\/sluzby\/kondicni-priprava\/#primaryimage","url":"https:\/\/www.summusvita.cz\/wp-content\/uploads\/2018\/11\/Fil.-225x300.jpg","contentUrl":"https:\/\/www.summusvita.cz\/wp-content\/uploads\/2018\/11\/Fil.-225x300.jpg"},{"@type":"BreadcrumbList","@id":"https:\/\/www.kondicnipriprava.cz\/sluzby\/kondicni-priprava\/#breadcrumb","itemListElement":[{"@type":"ListItem","position":1,"name":"Dom\u016f","item":"https:\/\/www.kondicnipriprava.cz\/"},{"@type":"ListItem","position":2,"name":"Slu\u017eby","item":"https:\/\/www.kondicnipriprava.cz\/sluzby\/"},{"@type":"ListItem","position":3,"name":"Kondi\u010dn\u00ed p\u0159\u00edprava"}]},{"@type":"WebSite","@id":"https:\/\/www.kondicnipriprava.cz\/#website","url":"https:\/\/www.kondicnipriprava.cz\/","name":"kondicnipriprava.cz","description":"Kondi\u010dn\u00ed p\u0159\u00edprava pro vrcholov\u00e9 sportovce","publisher":{"@id":"https:\/\/www.kondicnipriprava.cz\/#organization"},"potentialAction":[{"@type":"SearchAction","target":{"@type":"EntryPoint","urlTemplate":"https:\/\/www.kondicnipriprava.cz\/?s={search_term_string}"},"query-input":{"@type":"PropertyValueSpecification","valueRequired":true,"valueName":"search_term_string"}}],"inLanguage":"en-US"},{"@type":"Organization","@id":"https:\/\/www.kondicnipriprava.cz\/#organization","name":"kondicnipriprava.cz","url":"https:\/\/www.kondicnipriprava.cz\/","logo":{"@type":"ImageObject","inLanguage":"en-US","@id":"https:\/\/www.kondicnipriprava.cz\/#\/schema\/logo\/image\/","url":"https:\/\/www.kondicnipriprava.cz\/wp-content\/uploads\/2020\/03\/cropped-ft-logo-web-elementor.jpg","contentUrl":"https:\/\/www.kondicnipriprava.cz\/wp-content\/uploads\/2020\/03\/cropped-ft-logo-web-elementor.jpg","width":305,"height":100,"caption":"kondicnipriprava.cz"},"image":{"@id":"https:\/\/www.kondicnipriprava.cz\/#\/schema\/logo\/image\/"}}]}},"_links":{"self":[{"href":"https:\/\/www.kondicnipriprava.cz\/en\/wp-json\/wp\/v2\/pages\/84","targetHints":{"allow":["GET"]}}],"collection":[{"href":"https:\/\/www.kondicnipriprava.cz\/en\/wp-json\/wp\/v2\/pages"}],"about":[{"href":"https:\/\/www.kondicnipriprava.cz\/en\/wp-json\/wp\/v2\/types\/page"}],"author":[{"embeddable":true,"href":"https:\/\/www.kondicnipriprava.cz\/en\/wp-json\/wp\/v2\/users\/1"}],"replies":[{"embeddable":true,"href":"https:\/\/www.kondicnipriprava.cz\/en\/wp-json\/wp\/v2\/comments?post=84"}],"version-history":[{"count":0,"href":"https:\/\/www.kondicnipriprava.cz\/en\/wp-json\/wp\/v2\/pages\/84\/revisions"}],"up":[{"embeddable":true,"href":"https:\/\/www.kondicnipriprava.cz\/en\/wp-json\/wp\/v2\/pages\/19"}],"wp:attachment":[{"href":"https:\/\/www.kondicnipriprava.cz\/en\/wp-json\/wp\/v2\/media?parent=84"}],"curies":[{"name":"wp","href":"https:\/\/api.w.org\/{rel}","templated":true}]}}