{"id":13141,"date":"2022-05-26T13:55:37","date_gmt":"2022-05-26T13:55:37","guid":{"rendered":"https:\/\/www.kondicnipriprava.cz\/?page_id=13141"},"modified":"2022-05-26T13:56:28","modified_gmt":"2022-05-26T13:56:28","slug":"pavel-neveceral","status":"publish","type":"page","link":"https:\/\/www.kondicnipriprava.cz\/en\/pavel-neveceral\/","title":{"rendered":"Pavel Neve\u010de\u0159al"},"content":{"rendered":"<div data-elementor-type=\"wp-page\" data-elementor-id=\"13141\" class=\"elementor elementor-13141\">\n\t\t\t\t\t\t<div class=\"elementor-inner\">\n\t\t\t\t<div class=\"elementor-section-wrap\">\n\t\t\t\t\t\t\t\t\t<section class=\"elementor-section elementor-top-section elementor-element elementor-element-ee4ed7c elementor-section-boxed elementor-section-height-default elementor-section-height-default\" data-id=\"ee4ed7c\" data-element_type=\"section\">\n\t\t\t\t\t\t<div class=\"elementor-container elementor-column-gap-default\">\n\t\t\t\t\t\t\t<div class=\"elementor-row\">\n\t\t\t\t\t<div class=\"elementor-column elementor-col-100 elementor-top-column elementor-element elementor-element-afd519b\" data-id=\"afd519b\" data-element_type=\"column\">\n\t\t\t<div class=\"elementor-column-wrap elementor-element-populated\">\n\t\t\t\t\t\t\t<div class=\"elementor-widget-wrap\">\n\t\t\t\t\t\t<div class=\"elementor-element elementor-element-b4e0e37 elementor-widget elementor-widget-text-editor\" data-id=\"b4e0e37\" data-element_type=\"widget\" data-widget_type=\"text-editor.default\">\n\t\t\t\t<div class=\"elementor-widget-container\">\n\t\t\t\t\t\t\t\t<div class=\"elementor-text-editor elementor-clearfix\">\n\t\t\t\t<h2><span style=\"color: #000000;\">PAVEL NEVE\u010cE\u0158AL<\/span><\/h2><p><span style=\"color: #000000;\"><img loading=\"lazy\" decoding=\"async\" class=\"wp-image-69 size-medium alignleft\" src=\"https:\/\/www.summusvita.cz\/wp-content\/uploads\/2018\/11\/pavel-300x300.jpg\" sizes=\"auto, (max-width: 300px) 100vw, 300px\" srcset=\"https:\/\/www.summusvita.cz\/wp-content\/uploads\/2018\/11\/pavel-300x300.jpg 300w, https:\/\/www.summusvita.cz\/wp-content\/uploads\/2018\/11\/pavel-150x150.jpg 150w, https:\/\/www.summusvita.cz\/wp-content\/uploads\/2018\/11\/pavel-250x250.jpg 250w, https:\/\/www.summusvita.cz\/wp-content\/uploads\/2018\/11\/pavel-174x174.jpg 174w, https:\/\/www.summusvita.cz\/wp-content\/uploads\/2018\/11\/pavel.jpg 330w\" alt=\"\" width=\"300\" height=\"300\" \/><\/span><\/p><p><span style=\"color: #000000;\"><strong>Boxersk\u00fd talent<\/strong><\/span><\/p><ul><li><span style=\"color: #000000;\">Aktu\u00e1ln\u011b 75 kg 42 z\u00e1pas\u016f \u2013 33 v\u00edt\u011bzstv\u00ed 17 KO.<\/span><\/li><li><span style=\"color: #000000;\">V\u00edt\u011bz Baltica Cup Straaslund 2015 t\u0159et\u00ed olympijsk\u00e9 nad\u011bje Wiesmar.<\/span><\/li><li><span style=\"color: #000000;\">5. m\u00edsto ME Anapa.<\/span><\/li><li><span style=\"color: #000000;\">Mistr \u010cR 2014.<\/span><\/li><\/ul><p><span style=\"color: #000000;\">Nej z\u00e1pas prohra 2:1 s aktu\u00e1ln\u00edm mistrem Evropy Mihailu\u0161kem\u2026<\/span><\/p><p><span style=\"color: #000000;\">Boxersk\u00fd talent, kter\u00fd nem\u00e1 obdoby, za\u017eije velk\u00fd evropsk\u00fd k\u0159est ohn\u011bm.<\/span>\u00a0<span style=\"color: #ff0000;\"><a style=\"color: #ff0000;\" href=\"http:\/\/trutnovinky.cz\/sport\/ostatni-sporty\/2015\/listopad\/boxersky-talent-ktery-nema-obdoby-zazije-velky-evropsky-krest-ohnem\/\" target=\"_blank\" rel=\"noopener\">http:\/\/trutnovinky.cz\/sport\/ostatni-sporty\/2015\/listopad\/boxersky-talent-ktery-nema-obdoby-zazije-velky-evropsky-krest-ohnem<\/a><\/span><\/p>\t\t\t\t\t<\/div>\n\t\t\t\t\t\t<\/div>\n\t\t\t\t<\/div>\n\t\t\t\t\t\t<\/div>\n\t\t\t\t\t<\/div>\n\t\t<\/div>\n\t\t\t\t\t\t\t\t<\/div>\n\t\t\t\t\t<\/div>\n\t\t<\/section>\n\t\t\t\t\t\t\t\t\t<\/div>\n\t\t\t<\/div>\n\t\t\t\t\t<\/div>","protected":false},"excerpt":{"rendered":"<p>PAVEL NEVE\u010cE\u0158AL Boxersk\u00fd talent Aktu\u00e1ln\u011b 75 kg 42 z\u00e1pas\u016f \u2013 33 v\u00edt\u011bzstv\u00ed 17 KO. V\u00edt\u011bz Baltica Cup Straaslund 2015 t\u0159et\u00ed&hellip;<\/p>\n<p> <a class=\"more-link\" href=\"https:\/\/www.kondicnipriprava.cz\/en\/pavel-neveceral\/\">Read more<\/a><\/p>","protected":false},"author":1,"featured_media":0,"parent":0,"menu_order":0,"comment_status":"closed","ping_status":"closed","template":"","meta":{"footnotes":""},"class_list":["post-13141","page","type-page","status-publish"],"yoast_head":"<!-- This site is optimized with the Yoast SEO plugin v24.2 - https:\/\/yoast.com\/wordpress\/plugins\/seo\/ -->\n<title>Pavel Neve\u010de\u0159al - kondicnipriprava.cz<\/title>\n<meta name=\"robots\" content=\"index, follow, max-snippet:-1, max-image-preview:large, max-video-preview:-1\" \/>\n<link rel=\"canonical\" href=\"https:\/\/www.kondicnipriprava.cz\/en\/pavel-neveceral\/\" \/>\n<meta property=\"og:locale\" content=\"en_US\" \/>\n<meta property=\"og:type\" content=\"article\" \/>\n<meta property=\"og:title\" content=\"Pavel Neve\u010de\u0159al - kondicnipriprava.cz\" \/>\n<meta property=\"og:description\" content=\"PAVEL NEVE\u010cE\u0158AL Boxersk\u00fd talent Aktu\u00e1ln\u011b 75 kg 42 z\u00e1pas\u016f \u2013 33 v\u00edt\u011bzstv\u00ed 17 KO. V\u00edt\u011bz Baltica Cup Straaslund 2015 t\u0159et\u00ed&hellip;  Read more\" \/>\n<meta property=\"og:url\" content=\"https:\/\/www.kondicnipriprava.cz\/en\/pavel-neveceral\/\" \/>\n<meta property=\"og:site_name\" content=\"kondicnipriprava.cz\" \/>\n<meta property=\"article:modified_time\" content=\"2022-05-26T13:56:28+00:00\" \/>\n<meta property=\"og:image\" content=\"https:\/\/www.summusvita.cz\/wp-content\/uploads\/2018\/11\/pavel-300x300.jpg\" \/>\n<meta name=\"twitter:card\" content=\"summary_large_image\" \/>\n<meta name=\"twitter:label1\" content=\"Est. reading time\" \/>\n\t<meta name=\"twitter:data1\" content=\"1 minute\" \/>\n<script type=\"application\/ld+json\" class=\"yoast-schema-graph\">{\"@context\":\"https:\/\/schema.org\",\"@graph\":[{\"@type\":\"WebPage\",\"@id\":\"https:\/\/www.kondicnipriprava.cz\/pavel-neveceral\/\",\"url\":\"https:\/\/www.kondicnipriprava.cz\/pavel-neveceral\/\",\"name\":\"Pavel Neve\u010de\u0159al - kondicnipriprava.cz\",\"isPartOf\":{\"@id\":\"https:\/\/www.kondicnipriprava.cz\/#website\"},\"primaryImageOfPage\":{\"@id\":\"https:\/\/www.kondicnipriprava.cz\/pavel-neveceral\/#primaryimage\"},\"image\":{\"@id\":\"https:\/\/www.kondicnipriprava.cz\/pavel-neveceral\/#primaryimage\"},\"thumbnailUrl\":\"https:\/\/www.summusvita.cz\/wp-content\/uploads\/2018\/11\/pavel-300x300.jpg\",\"datePublished\":\"2022-05-26T13:55:37+00:00\",\"dateModified\":\"2022-05-26T13:56:28+00:00\",\"breadcrumb\":{\"@id\":\"https:\/\/www.kondicnipriprava.cz\/pavel-neveceral\/#breadcrumb\"},\"inLanguage\":\"en-US\",\"potentialAction\":[{\"@type\":\"ReadAction\",\"target\":[\"https:\/\/www.kondicnipriprava.cz\/pavel-neveceral\/\"]}]},{\"@type\":\"ImageObject\",\"inLanguage\":\"en-US\",\"@id\":\"https:\/\/www.kondicnipriprava.cz\/pavel-neveceral\/#primaryimage\",\"url\":\"https:\/\/www.summusvita.cz\/wp-content\/uploads\/2018\/11\/pavel-300x300.jpg\",\"contentUrl\":\"https:\/\/www.summusvita.cz\/wp-content\/uploads\/2018\/11\/pavel-300x300.jpg\"},{\"@type\":\"BreadcrumbList\",\"@id\":\"https:\/\/www.kondicnipriprava.cz\/pavel-neveceral\/#breadcrumb\",\"itemListElement\":[{\"@type\":\"ListItem\",\"position\":1,\"name\":\"Dom\u016f\",\"item\":\"https:\/\/www.kondicnipriprava.cz\/\"},{\"@type\":\"ListItem\",\"position\":2,\"name\":\"Pavel Neve\u010de\u0159al\"}]},{\"@type\":\"WebSite\",\"@id\":\"https:\/\/www.kondicnipriprava.cz\/#website\",\"url\":\"https:\/\/www.kondicnipriprava.cz\/\",\"name\":\"kondicnipriprava.cz\",\"description\":\"Kondi\u010dn\u00ed p\u0159\u00edprava pro vrcholov\u00e9 sportovce\",\"publisher\":{\"@id\":\"https:\/\/www.kondicnipriprava.cz\/#organization\"},\"potentialAction\":[{\"@type\":\"SearchAction\",\"target\":{\"@type\":\"EntryPoint\",\"urlTemplate\":\"https:\/\/www.kondicnipriprava.cz\/?s={search_term_string}\"},\"query-input\":{\"@type\":\"PropertyValueSpecification\",\"valueRequired\":true,\"valueName\":\"search_term_string\"}}],\"inLanguage\":\"en-US\"},{\"@type\":\"Organization\",\"@id\":\"https:\/\/www.kondicnipriprava.cz\/#organization\",\"name\":\"kondicnipriprava.cz\",\"url\":\"https:\/\/www.kondicnipriprava.cz\/\",\"logo\":{\"@type\":\"ImageObject\",\"inLanguage\":\"en-US\",\"@id\":\"https:\/\/www.kondicnipriprava.cz\/#\/schema\/logo\/image\/\",\"url\":\"https:\/\/www.kondicnipriprava.cz\/wp-content\/uploads\/2020\/03\/cropped-ft-logo-web-elementor.jpg\",\"contentUrl\":\"https:\/\/www.kondicnipriprava.cz\/wp-content\/uploads\/2020\/03\/cropped-ft-logo-web-elementor.jpg\",\"width\":305,\"height\":100,\"caption\":\"kondicnipriprava.cz\"},\"image\":{\"@id\":\"https:\/\/www.kondicnipriprava.cz\/#\/schema\/logo\/image\/\"}}]}<\/script>\n<!-- \/ Yoast SEO plugin. -->","yoast_head_json":{"title":"Pavel Neve\u010de\u0159al - kondicnipriprava.cz","robots":{"index":"index","follow":"follow","max-snippet":"max-snippet:-1","max-image-preview":"max-image-preview:large","max-video-preview":"max-video-preview:-1"},"canonical":"https:\/\/www.kondicnipriprava.cz\/en\/pavel-neveceral\/","og_locale":"en_US","og_type":"article","og_title":"Pavel Neve\u010de\u0159al - kondicnipriprava.cz","og_description":"PAVEL NEVE\u010cE\u0158AL Boxersk\u00fd talent Aktu\u00e1ln\u011b 75 kg 42 z\u00e1pas\u016f \u2013 33 v\u00edt\u011bzstv\u00ed 17 KO. V\u00edt\u011bz Baltica Cup Straaslund 2015 t\u0159et\u00ed&hellip;  Read more","og_url":"https:\/\/www.kondicnipriprava.cz\/en\/pavel-neveceral\/","og_site_name":"kondicnipriprava.cz","article_modified_time":"2022-05-26T13:56:28+00:00","og_image":[{"url":"https:\/\/www.summusvita.cz\/wp-content\/uploads\/2018\/11\/pavel-300x300.jpg","type":"","width":"","height":""}],"twitter_card":"summary_large_image","twitter_misc":{"Est. reading time":"1 minute"},"schema":{"@context":"https:\/\/schema.org","@graph":[{"@type":"WebPage","@id":"https:\/\/www.kondicnipriprava.cz\/pavel-neveceral\/","url":"https:\/\/www.kondicnipriprava.cz\/pavel-neveceral\/","name":"Pavel Neve\u010de\u0159al - kondicnipriprava.cz","isPartOf":{"@id":"https:\/\/www.kondicnipriprava.cz\/#website"},"primaryImageOfPage":{"@id":"https:\/\/www.kondicnipriprava.cz\/pavel-neveceral\/#primaryimage"},"image":{"@id":"https:\/\/www.kondicnipriprava.cz\/pavel-neveceral\/#primaryimage"},"thumbnailUrl":"https:\/\/www.summusvita.cz\/wp-content\/uploads\/2018\/11\/pavel-300x300.jpg","datePublished":"2022-05-26T13:55:37+00:00","dateModified":"2022-05-26T13:56:28+00:00","breadcrumb":{"@id":"https:\/\/www.kondicnipriprava.cz\/pavel-neveceral\/#breadcrumb"},"inLanguage":"en-US","potentialAction":[{"@type":"ReadAction","target":["https:\/\/www.kondicnipriprava.cz\/pavel-neveceral\/"]}]},{"@type":"ImageObject","inLanguage":"en-US","@id":"https:\/\/www.kondicnipriprava.cz\/pavel-neveceral\/#primaryimage","url":"https:\/\/www.summusvita.cz\/wp-content\/uploads\/2018\/11\/pavel-300x300.jpg","contentUrl":"https:\/\/www.summusvita.cz\/wp-content\/uploads\/2018\/11\/pavel-300x300.jpg"},{"@type":"BreadcrumbList","@id":"https:\/\/www.kondicnipriprava.cz\/pavel-neveceral\/#breadcrumb","itemListElement":[{"@type":"ListItem","position":1,"name":"Dom\u016f","item":"https:\/\/www.kondicnipriprava.cz\/"},{"@type":"ListItem","position":2,"name":"Pavel Neve\u010de\u0159al"}]},{"@type":"WebSite","@id":"https:\/\/www.kondicnipriprava.cz\/#website","url":"https:\/\/www.kondicnipriprava.cz\/","name":"kondicnipriprava.cz","description":"Kondi\u010dn\u00ed p\u0159\u00edprava pro vrcholov\u00e9 sportovce","publisher":{"@id":"https:\/\/www.kondicnipriprava.cz\/#organization"},"potentialAction":[{"@type":"SearchAction","target":{"@type":"EntryPoint","urlTemplate":"https:\/\/www.kondicnipriprava.cz\/?s={search_term_string}"},"query-input":{"@type":"PropertyValueSpecification","valueRequired":true,"valueName":"search_term_string"}}],"inLanguage":"en-US"},{"@type":"Organization","@id":"https:\/\/www.kondicnipriprava.cz\/#organization","name":"kondicnipriprava.cz","url":"https:\/\/www.kondicnipriprava.cz\/","logo":{"@type":"ImageObject","inLanguage":"en-US","@id":"https:\/\/www.kondicnipriprava.cz\/#\/schema\/logo\/image\/","url":"https:\/\/www.kondicnipriprava.cz\/wp-content\/uploads\/2020\/03\/cropped-ft-logo-web-elementor.jpg","contentUrl":"https:\/\/www.kondicnipriprava.cz\/wp-content\/uploads\/2020\/03\/cropped-ft-logo-web-elementor.jpg","width":305,"height":100,"caption":"kondicnipriprava.cz"},"image":{"@id":"https:\/\/www.kondicnipriprava.cz\/#\/schema\/logo\/image\/"}}]}},"_links":{"self":[{"href":"https:\/\/www.kondicnipriprava.cz\/en\/wp-json\/wp\/v2\/pages\/13141","targetHints":{"allow":["GET"]}}],"collection":[{"href":"https:\/\/www.kondicnipriprava.cz\/en\/wp-json\/wp\/v2\/pages"}],"about":[{"href":"https:\/\/www.kondicnipriprava.cz\/en\/wp-json\/wp\/v2\/types\/page"}],"author":[{"embeddable":true,"href":"https:\/\/www.kondicnipriprava.cz\/en\/wp-json\/wp\/v2\/users\/1"}],"replies":[{"embeddable":true,"href":"https:\/\/www.kondicnipriprava.cz\/en\/wp-json\/wp\/v2\/comments?post=13141"}],"version-history":[{"count":0,"href":"https:\/\/www.kondicnipriprava.cz\/en\/wp-json\/wp\/v2\/pages\/13141\/revisions"}],"wp:attachment":[{"href":"https:\/\/www.kondicnipriprava.cz\/en\/wp-json\/wp\/v2\/media?parent=13141"}],"curies":[{"name":"wp","href":"https:\/\/api.w.org\/{rel}","templated":true}]}}